{"id":383,"date":"2022-01-10T21:42:35","date_gmt":"2022-01-10T20:42:35","guid":{"rendered":"http:\/\/parafiacelestynow.pl\/www\/?page_id=383"},"modified":"2022-02-24T22:00:28","modified_gmt":"2022-02-24T21:00:28","slug":"nabozenstwa","status":"publish","type":"page","link":"https:\/\/parafiacelestynow.pl\/?page_id=383","title":{"rendered":"Nabo\u017ce\u0144stwa"},"content":{"rendered":"<h2 style=\"text-align:center\">Nabo\u017ce\u0144stwa<\/h2>\n<p><strong>Drugi poniedzia\u0142ek miesi\u0105ca<\/strong><\/p>\n<ul>\n<li>Msza \u015bw. dla wsp\u00f3lnot parafialnych i wszystkich ch\u0119tnych o godz. 20:00<\/li>\n<li>Po Mszy \u015bw. egzorcyzmowana jest s\u00f3l, woda i olej oraz po\u015bwi\u0119cenie dewocjonali\u00f3w<\/li>\n<\/ul>\n<p><strong>Pierwszy wtorek miesi\u0105ca<\/strong><\/p>\n<ul>\n<li>Koronka do Boga Ojca po Mszy \u015bw. o godz. 18:00<\/li>\n<\/ul>\n<p><strong>\u015aroda<\/strong><\/p>\n<ul>\n<li>Nowenna do MB Nieustaj\u0105cej Pomocy o godz. 18.00, a po niej Msza \u015bw. w intencjach zbiorowych<\/li>\n<\/ul>\n<p><strong>Czwartek<\/strong><\/p>\n<ul>\n<li>Adoracja Naj\u015bwi\u0119tszego Sakramentu i r\u00f3\u017caniec po Mszy \u015bw. o godz. 18.00<\/li>\n<li>I czwartek m-ca modlimy si\u0119 za powo\u0142anych i o nowe powo\u0142ania do pracy w Winnicy Pa\u0144skiej<\/li>\n<li>II czwartek m-ca modlimy si\u0119 za zmar\u0142ych i za dusze w czy\u015b\u0107cu cierpi\u0105ce, oko\u0142o godz. 20.40 Nieszpory za zmar\u0142ych<\/li>\n<li>III, IV i V czwartek m-ca modlimy si\u0119 w intencjach parafii, gminy i ojczyzny, a tak\u017ce sprawy osobiste<\/li>\n<\/ul>\n<p><strong>Pi\u0105tek<\/strong><\/p>\n<ul>\n<li>Nowenna do Mi\u0142osierdzia Bo\u017cego o godz. 18:00, a po niej Msza \u015bw. w intencjach zbiorowych<\/li>\n<li>I pi\u0105tek miesi\u0105ca \u2013 wizyta u chorych od godz. 8:30, godz. 15:00 Koronka do Mi\u0142osierdzia Bo\u017cego, po niej Msza \u015bw. w intencji Wynagradzaj\u0105cej Naj\u015bwi\u0119tszemu Sercu Pana Jezusa za nasze grzechy i naszych bli\u017anich, a nast\u0119pnie Adoracja Naj\u015bwi\u0119tszego Sakramentu do godz. 17:50<\/li>\n<\/ul>\n<p><strong>Pierwsza sobota miesi\u0105ca<\/strong><\/p>\n<ul>\n<li>Godz. 6:45 rozwa\u017canie kolejnej tajemnicy r\u00f3\u017ca\u0144cowej, po nim r\u00f3\u017caniec i Msza \u015bw. w intencji Wynagradzaj\u0105cej Niepokalanemu Sercu Maryi za grzechy nasze i naszych bli\u017anich (wyj\u0105tek miesi\u0105c grudzie\u0144 &#8211; modlitwy rozpoczynamy o godz. 17:00, a po nich Msza \u015bw.)<\/li>\n<\/ul>\n<p><strong>Niedziela<\/strong><\/p>\n<ul>\n<li>Godzinki o Niepokalanym Pocz\u0119ciu Maryi godz. 6:30<\/li>\n<li>I niedziela miesi\u0105ca &#8211; godz. 17:15 Adoracja Naj\u015bwi\u0119tszego Sakramentu po\u0142\u0105czona z modlitw\u0105 r\u00f3\u017ca\u0144cow\u0105<\/li>\n<\/ul>\n<hr>\n<p><strong>Nabo\u017ce\u0144stwa adwentowe<\/strong><\/p>\n<ul>\n<li>Roraty o godz. 6:45, a po nich Godzinki o Niepokalanym Pocz\u0119ciu Maryi<\/li>\n<\/ul>\n<p><strong>Nabo\u017ce\u0144stwa wielkopostne<\/strong><\/p>\n<ul>\n<li>Droga krzy\u017cowa z udzia\u0142em dzieci o godz. 17:15<\/li>\n<li>Droga krzy\u017cowa og\u00f3lna o godz. 19:00<\/li>\n<li>Gorzkie \u017cale z kazaniem pasyjnym w niedziele o godz. 17:15<\/li>\n<\/ul>\n<p><strong>Nabo\u017ce\u0144stwa majowe i czerwcowe<\/strong><\/p>\n<ul>\n<li>W dni powszednie po Mszy \u015bw. o godz. 18:00<\/li>\n<li>W niedziele o godz. 17:15 najpierw r\u00f3\u017caniec a po nim nabo\u017ce\u0144stwo majowe\/czerwcowe<\/li>\n<\/ul>\n<p><strong>Nabo\u017ce\u0144stwa r\u00f3\u017ca\u0144cowe<\/strong><\/p>\n<ul>\n<li>W pa\u017adzierniku ka\u017cdego dnia o godz. 17:15, z wyj\u0105tkiem czwartk\u00f3w \u2013 po Mszy o godz. 18:00\n<\/ul>\n<p><strong>Nabo\u017ce\u0144stwa fatimskie<\/strong><\/p>\n<ul>\n<li>Od maja do pa\u017adziernika 13 dnia miesi\u0105ca \u2013 rozpoczynaj\u0105 si\u0119 Msz\u0105 \u015bw. (w tygodniu poprzedzaj\u0105cym podawana jest godzina rozpocz\u0119cia nabo\u017ce\u0144stwa), a po niej procesja r\u00f3\u017ca\u0144cowa z figur\u0105 Matki Bo\u017cej<\/li>\n<\/ul>\n<p><strong>Msze \u015bwi\u0119te w intencjach zbiorowych<\/strong><\/p>\n<ul>\n<li>\u015aroda i pi\u0105tek godz. 18:00<\/li>\n<li>Niedziela godz. 12:00<\/li>\n<\/ul>\n<p><strong>Odpust parafialny<\/strong><\/p>\n<ul>\n<li>W dniu 15 sierpnia, przedtem 40 godzinne nabo\u017ce\u0144stwo Adoracji Naj\u015bwi\u0119tszego Sakramentu<\/li>\n<\/ul>\n<p><strong>Rekolekcje adwentowe<\/strong><\/p>\n<ul>\n<li>Rozpoczynamy w II niedziel\u0119 Adwentu i trwaj\u0105 do wtorku w\u0142\u0105cznie<\/li>\n<\/ul>\n<p><strong>Rekolekcje wielkopostne<\/strong><\/p>\n<ul>\n<li>Rozpoczynamy w IV niedziel\u0119 Wielkiego Postu i trwaj\u0105 do \u015brody w\u0142\u0105cznie<\/li>\n<\/ul>\n","protected":false},"excerpt":{"rendered":"<p>Nabo\u017ce\u0144stwa Drugi poniedzia\u0142ek miesi\u0105ca Msza \u015bw. dla wsp\u00f3lnot parafialnych i wszystkich ch\u0119tnych o godz. 20:00 Po Mszy \u015bw. egzorcyzmowana jest s\u00f3l, woda i olej oraz po\u015bwi\u0119cenie dewocjonali\u00f3w Pierwszy wtorek miesi\u0105ca Koronka do Boga Ojca po Mszy \u015bw. o godz. 18:00 \u015aroda Nowenna do MB Nieustaj\u0105cej Pomocy o godz. 18.00, a po niej Msza \u015bw. w [&hellip;]<\/p>\n","protected":false},"author":2,"featured_media":0,"parent":0,"menu_order":0,"comment_status":"closed","ping_status":"closed","template":"","meta":{"_expiration-date-status":"","_expiration-date":0,"_expiration-date-type":"","_expiration-date-categories":[],"_expiration-date-options":[],"footnotes":""},"class_list":["post-383","page","type-page","status-publish","hentry"],"_links":{"self":[{"href":"https:\/\/parafiacelestynow.pl\/index.php?rest_route=\/wp\/v2\/pages\/383","targetHints":{"allow":["GET"]}}],"collection":[{"href":"https:\/\/parafiacelestynow.pl\/index.php?rest_route=\/wp\/v2\/pages"}],"about":[{"href":"https:\/\/parafiacelestynow.pl\/index.php?rest_route=\/wp\/v2\/types\/page"}],"author":[{"embeddable":true,"href":"https:\/\/parafiacelestynow.pl\/index.php?rest_route=\/wp\/v2\/users\/2"}],"replies":[{"embeddable":true,"href":"https:\/\/parafiacelestynow.pl\/index.php?rest_route=%2Fwp%2Fv2%2Fcomments&post=383"}],"version-history":[{"count":8,"href":"https:\/\/parafiacelestynow.pl\/index.php?rest_route=\/wp\/v2\/pages\/383\/revisions"}],"predecessor-version":[{"id":881,"href":"https:\/\/parafiacelestynow.pl\/index.php?rest_route=\/wp\/v2\/pages\/383\/revisions\/881"}],"wp:attachment":[{"href":"https:\/\/parafiacelestynow.pl\/index.php?rest_route=%2Fwp%2Fv2%2Fmedia&parent=383"}],"curies":[{"name":"wp","href":"https:\/\/api.w.org\/{rel}","templated":true}]}}